{"id":1915,"date":"2014-08-06T14:04:12","date_gmt":"2013-09-16T23:07:57","guid":{"rendered":"http:\/\/178.216.200.219\/?p=1915"},"modified":"2021-01-28T13:11:14","modified_gmt":"2021-01-28T13:11:14","slug":"wizyty-naukowcow-z-kraju","status":"publish","type":"page","link":"https:\/\/henrykskarzynski.pl\/?page_id=1915&lang=pl","title":{"rendered":"Naukowcy z kraju"},"content":{"rendered":"<table border=\"0\" cellspacing=\"1\" cellpadding=\"1\">\n<tbody>\n<tr>\n<td width=\"125\"><strong>1993 <\/strong><\/td>\n<td><a href=\"https:\/\/henrykskarzynski.pl\/pl\/strona\/premier-rp-hanna-suchocka.html\">Doc. Maria G\u00f3ral\u00f3wna<\/a><\/td>\n<\/tr>\n<tr>\n<td width=\"125\"><strong>1995 <\/strong><\/td>\n<td><a href=\"\/pl\/podziekowania\/iii-miedzynarodowa-konferencja-naukowa.html\">Prof. Grzegorz Opolski<\/a><\/td>\n<\/tr>\n<tr>\n<td><strong>1995 <\/strong><\/td>\n<td><a href=\"\/pl\/podziekowania\/iii-miedzynarodowa-konferencja-naukowa.html\">Prof. Stefan Kru\u015b \u00a0<\/a><\/td>\n<\/tr>\n<tr>\n<td><strong>1995 <\/strong><\/td>\n<td><a href=\"\/pl\/podziekowania\/iii-miedzynarodowa-konferencja-naukowa.html\">Prof. Tadeusz To\u0142\u0142oczko<\/a><\/td>\n<\/tr>\n<tr>\n<td><strong>1996 <\/strong><\/td>\n<td><a href=\"\/pl\/podziekowania\/iv-miedzynarodowa-konferencja-naukowa.html\">Prof. Danuta Gryczy\u0144ska<\/a><\/td>\n<\/tr>\n<tr>\n<td><strong>1996 <\/strong><\/td>\n<td><a href=\"\/pl\/podziekowania\/iv-miedzynarodowa-konferencja-naukowa.html\">Prof. Piotr Zalewski<\/a><\/td>\n<\/tr>\n<tr>\n<td><strong>1998 <\/strong><\/td>\n<td><a href=\"\/pl\/podziekowania\/wizyta-na-budowie-miedzynarodowego-centrum-sluchu-i-mowy.html\">Prof. Stefan Kru\u015b \u00a0<\/a><\/td>\n<\/tr>\n<tr>\n<td><strong>2000 <\/strong><\/td>\n<td><a href=\"https:\/\/henrykskarzynski.pl\/pl\/strona\/konferencja-prasowa-z-okazji-iii-tygodnia-sluchu.html\">Prof. Andrzej Czy\u017cewski<\/a><\/td>\n<\/tr>\n<tr>\n<td><strong>2003 <\/strong><\/td>\n<td><a href=\"\/pl\/podziekowania\/vii-miedzynarodowa-konferencja-implantow-slimakowych-i-medycyny-audiologicznej.html\">Prof. Danuta Gryczy\u0144ska<\/a><\/td>\n<\/tr>\n<tr>\n<td><strong>2003 <\/strong><\/td>\n<td><a href=\"\/pl\/podziekowania\/vii-miedzynarodowa-konferencja-implantow-slimakowych-i-medycyny-audiologicznej.html\">Prof. Edward Hojan<\/a><\/td>\n<\/tr>\n<tr>\n<td><strong>2003 <\/strong><\/td>\n<td><a href=\"\/pl\/podziekowania\/vii-miedzynarodowa-konferencja-implantow-slimakowych-i-medycyny-audiologicznej.html\">Prof. Ryszard Zimak<\/a><\/td>\n<\/tr>\n<tr>\n<td><strong>2003 <\/strong><\/td>\n<td><a href=\"\/pl\/podziekowania\/vii-miedzynarodowa-konferencja-implantow-slimakowych-i-medycyny-audiologicznej.html\">Prof. Leszek P\u0105czek<\/a><\/td>\n<\/tr>\n<tr>\n<td><strong>2009 <\/strong><\/td>\n<td><a href=\"\/pl\/podziekowania\/otwarcie-naukowego-centrum-obrazowania-biomedycznego.html\">Prof. W\u0142adys\u0142aw Torbicz<\/a><\/td>\n<\/tr>\n<tr>\n<td><strong>2009 <\/strong><\/td>\n<td><a href=\"\/pl\/podziekowania\/otwarcie-naukowego-centrum-obrazowania-biomedycznego.html\">Prof. Jan Maria W\u00f3jcicki<\/a><\/td>\n<\/tr>\n<tr>\n<td><strong>2009 <\/strong><\/td>\n<td><a href=\"\/pl\/podziekowania\/otwarcie-naukowego-centrum-obrazowania-biomedycznego.html\">Prof. Jan Szmidt<\/a><\/td>\n<\/tr>\n<tr>\n<td><strong>2009 <\/strong><\/td>\n<td><a href=\"\/pl\/podziekowania\/otwarcie-naukowego-centrum-obrazowania-biomedycznego.html\">Prof. Mieczys\u0142aw Szostek<\/a><\/td>\n<\/tr>\n<tr>\n<td><strong>2010 <\/strong><\/td>\n<td><a href=\"\/pl\/podziekowania\/podpisanie-aktu-erekcyjnego-budowy-swiatowego-centrum-sluchu.html\">Prof. Jerzy Woy-Wojciechowski<\/a><\/td>\n<\/tr>\n<tr>\n<td><strong>2010 <\/strong><\/td>\n<td><a href=\"\/pl\/podziekowania\/podpisanie-aktu-erekcyjnego-budowy-swiatowego-centrum-sluchu.html\">Prof. Marek Rogowski<\/a><\/td>\n<\/tr>\n<tr>\n<td><strong>2010 <\/strong><\/td>\n<td><a href=\"\/pl\/podziekowania\/podpisanie-aktu-erekcyjnego-budowy-swiatowego-centrum-sluchu.html\">Prof. Micha\u0142 Kleiber<\/a><\/td>\n<\/tr>\n<tr>\n<td><strong>2010 <\/strong><\/td>\n<td><a href=\"\/pl\/podziekowania\/podpisanie-aktu-erekcyjnego-budowy-swiatowego-centrum-sluchu.html\">Prof. Krzysztof Opolski<\/a><\/td>\n<\/tr>\n<tr>\n<td><strong>2010 <\/strong><\/td>\n<td><a href=\"\/pl\/podziekowania\/podpisanie-aktu-erekcyjnego-budowy-swiatowego-centrum-sluchu.html\">Prof. Jan Schmidt<\/a><\/td>\n<\/tr>\n<tr>\n<td><strong>2010 <\/strong><\/td>\n<td><a href=\"\/pl\/podziekowania\/podpisanie-aktu-erekcyjnego-budowy-swiatowego-centrum-sluchu.html\">Prof. Tadeusz To\u0142\u0142oczko<\/a><\/td>\n<\/tr>\n<tr>\n<td><strong>2010 <\/strong><\/td>\n<td><a href=\"\/pl\/podziekowania\/podpisanie-aktu-erekcyjnego-budowy-swiatowego-centrum-sluchu.html\">Dr Mieczys\u0142aw Szatanek<\/a><\/td>\n<\/tr>\n<tr>\n<td><strong>2011 <\/strong><\/td>\n<td><a href=\"\/pl\/podziekowania\/tytul-doktora-honoris-causa-akademii-pedagogiki-specjalnej-im-m-grzegorzewskiej.html\">Prof. Jan \u0141aszczyk<\/a><\/td>\n<\/tr>\n<tr>\n<td><strong>2011 <\/strong><\/td>\n<td><a href=\"\/pl\/podziekowania\/tytul-doktora-honoris-causa-akademii-pedagogiki-specjalnej-im-m-grzegorzewskiej.html\">Prof. Wojciech Noszczyk<\/a><\/td>\n<\/tr>\n<tr>\n<td><strong>2012 <\/strong><\/td>\n<td><a href=\"\/pl\/podziekowania\/uroczyste-otwarcie-swiatowego-centrum-sluchu.html\">Prof. Marek Krawczyk<\/a><\/td>\n<\/tr>\n<tr>\n<td><strong>2012 <\/strong><\/td>\n<td><a href=\"\/pl\/podziekowania\/uroczyste-otwarcie-swiatowego-centrum-sluchu.html\">Prof. Jan Szmidt<\/a><\/td>\n<\/tr>\n<tr>\n<td><strong>2012 <\/strong><\/td>\n<td><a href=\"\/pl\/podziekowania\/uroczyste-otwarcie-swiatowego-centrum-sluchu.html\">Prof. Witold Ru\u017cy\u0142\u0142o<\/a><\/td>\n<\/tr>\n<tr>\n<td><strong>2012 <\/strong><\/td>\n<td><a href=\"\/pl\/podziekowania\/uroczyste-otwarcie-swiatowego-centrum-sluchu.html\">Prof. Jerzy Woy-Wojciechowski<\/a><\/td>\n<\/tr>\n<tr>\n<td><strong>2012 <\/strong><\/td>\n<td><a href=\"\/pl\/podziekowania\/uroczyste-otwarcie-swiatowego-centrum-sluchu.html\">Prof. Micha\u0142 Kleiber<\/a><\/td>\n<\/tr>\n<tr>\n<td><strong>2012 <\/strong><\/td>\n<td><a href=\"\/pl\/podziekowania\/uroczyste-otwarcie-swiatowego-centrum-sluchu.html\">Prof. Krzysztof Kurzyd\u0142owski<\/a><\/td>\n<\/tr>\n<tr>\n<td><strong>2012 <\/strong><\/td>\n<td><a href=\"\/pl\/podziekowania\/tytul-wybitny-polak-.html\">Prof. Wies\u0142aw L.Nowi\u0144ski<\/a><\/td>\n<\/tr>\n<tr>\n<td><strong>2012 <\/strong><\/td>\n<td><a href=\"\/pl\/aktualnosci\/prof-henryk-skarzynski-doktorem-honoris-causa-uniwersytetu-warszawskiego.html\">Prof. Katarzyna Cha\u0142asi\u0144ska-Macukow<\/a><\/td>\n<\/tr>\n<tr>\n<td><strong>2012 <\/strong><\/td>\n<td><a href=\"\/pl\/aktualnosci\/prof-henryk-skarzynski-doktorem-honoris-causa-uniwersytetu-warszawskiego.html\">Prof. Alojzy Z.Nowak<\/a><\/td>\n<\/tr>\n<tr>\n<td><strong>2012 <\/strong><\/td>\n<td><a href=\"\/pl\/aktualnosci\/prof-henryk-skarzynski-doktorem-honoris-causa-uniwersytetu-warszawskiego.html\">Prof. Marek Krawczyk<\/a><\/td>\n<\/tr>\n<tr>\n<td><strong>2013 <\/strong><\/td>\n<td><a href=\"\/pl\/podziekowania\/wizyta-czlonkow-rady-glownej-instytutow-badawczych.html\">Prof. Krzysztof Szama\u0142ek<\/a><\/td>\n<\/tr>\n<tr>\n<td><strong>2013 <\/strong><\/td>\n<td><a href=\"\/pl\/podziekowania\/wizyta-czlonkow-rady-glownej-instytutow-badawczych.html\">Prof. Leszek Rafalski<\/a><\/td>\n<\/tr>\n<\/tbody>\n<\/table>\n<p>&nbsp;<\/p>\n","protected":false},"excerpt":{"rendered":"<p>1993 Doc. Maria G\u00f3ral\u00f3wna 1995 Prof. Grzegorz Opolski 1995 Prof. Stefan Kru\u015b \u00a0 1995 Prof. Tadeusz To\u0142\u0142oczko 1996 Prof. Danuta Gryczy\u0144ska 1996 Prof. Piotr Zalewski 1998 Prof. Stefan Kru\u015b \u00a0 2000 Prof. Andrzej Czy\u017cewski 2003 Prof. Danuta Gryczy\u0144ska 2003 Prof. ..<\/p>\n<div class=\"reading\"><a href=\"https:\/\/henrykskarzynski.pl\/?page_id=1915&#038;lang=pl\">&gt;&gt;&gt;<\/a><\/div>\n","protected":false},"author":3,"featured_media":0,"parent":0,"menu_order":42,"comment_status":"closed","ping_status":"closed","template":"","meta":{"footnotes":""},"class_list":["post-1915","page","type-page","status-publish","hentry"],"_links":{"self":[{"href":"https:\/\/henrykskarzynski.pl\/index.php?rest_route=\/wp\/v2\/pages\/1915","targetHints":{"allow":["GET"]}}],"collection":[{"href":"https:\/\/henrykskarzynski.pl\/index.php?rest_route=\/wp\/v2\/pages"}],"about":[{"href":"https:\/\/henrykskarzynski.pl\/index.php?rest_route=\/wp\/v2\/types\/page"}],"author":[{"embeddable":true,"href":"https:\/\/henrykskarzynski.pl\/index.php?rest_route=\/wp\/v2\/users\/3"}],"replies":[{"embeddable":true,"href":"https:\/\/henrykskarzynski.pl\/index.php?rest_route=%2Fwp%2Fv2%2Fcomments&post=1915"}],"version-history":[{"count":0,"href":"https:\/\/henrykskarzynski.pl\/index.php?rest_route=\/wp\/v2\/pages\/1915\/revisions"}],"wp:attachment":[{"href":"https:\/\/henrykskarzynski.pl\/index.php?rest_route=%2Fwp%2Fv2%2Fmedia&parent=1915"}],"curies":[{"name":"wp","href":"https:\/\/api.w.org\/{rel}","templated":true}]}}